{"id":5,"date":"2007-10-08T15:27:38","date_gmt":"2007-10-08T13:27:38","guid":{"rendered":"https:\/\/www.gesund-heilfasten.de\/blog\/ueber-diesen-blog\/"},"modified":"2025-01-16T00:03:45","modified_gmt":"2025-01-15T23:03:45","slug":"ueber-diesen-blog","status":"publish","type":"page","link":"https:\/\/www.gesund-heilfasten.de\/blog\/ueber-diesen-blog\/","title":{"rendered":"\u00dcber diesen Blog"},"content":{"rendered":"<h3>Heilfasten: Mein pers\u00f6nlicher Weg zur Heilung<\/h3>\n<p>Mein Name ist Ren\u00e9 Gr\u00e4ber, und ich begleite seit 1998 in meiner Naturheilpraxis Patienten und Leistungssportler auf ihrem Weg zu mehr Gesundheit und Wohlbefinden. Dabei begegne ich den unterschiedlichsten Beschwerden und Erkrankungen \u2013 von chronischen Leiden bis hin zu akuten Problemen.<\/p>\n<p>Das Heilfasten spielt dabei eine besondere Rolle, nicht nur f\u00fcr meine Patienten, sondern auch in meinem eigenen Leben. Es war das erste Heilverfahren, welches mir umfassend geholfen hat, mich von zahlreichen Beschwerden und Erkrankungen zu erholen. Diese Erfahrung hat mein Leben grundlegend ver\u00e4ndert und mich dazu inspiriert, mich intensiv mit nat\u00fcrlichen Heilmethoden und Ern\u00e4hrung auseinanderzusetzen.<\/p>\n<p>In diesem Blog teile ich meine Erkenntnisse, praktische Tipps und wissenschaftliche Hintergr\u00fcnde zum Thema Heilfasten und Ern\u00e4hrung \u2013 damit auch Sie die Kraft dieser nat\u00fcrlichen Methoden f\u00fcr Ihre Gesundheit entdecken k\u00f6nnen.<\/p>\n<p><strong>\u00dcbrigens: Wenn Sie solche Informationen interessieren, dann fordern Sie unbedingt meinen Heilfasten-Newsletter dazu an:<\/strong><br \/>\n<script type=\"text\/javascript\" src=\"https:\/\/rene-graeber.de\/view_webform_v2.js?u=v9&#038;webforms_id=poWoP\"><\/script><\/p>\n","protected":false},"excerpt":{"rendered":"<p>Heilfasten: Mein pers\u00f6nlicher Weg zur Heilung Mein Name ist Ren\u00e9 Gr\u00e4ber, und ich begleite seit 1998 in meiner Naturheilpraxis Patienten und Leistungssportler auf ihrem Weg zu mehr Gesundheit und Wohlbefinden. Dabei begegne ich den unterschiedlichsten Beschwerden und Erkrankungen \u2013 von chronischen Leiden bis hin zu akuten Problemen. Das Heilfasten spielt dabei eine besondere Rolle, nicht [&hellip;]<\/p>\n","protected":false},"author":1,"featured_media":0,"parent":0,"menu_order":0,"comment_status":"closed","ping_status":"closed","template":"","meta":{"footnotes":""},"class_list":["post-5","page","type-page","status-publish","hentry"],"_links":{"self":[{"href":"https:\/\/www.gesund-heilfasten.de\/blog\/wp-json\/wp\/v2\/pages\/5","targetHints":{"allow":["GET"]}}],"collection":[{"href":"https:\/\/www.gesund-heilfasten.de\/blog\/wp-json\/wp\/v2\/pages"}],"about":[{"href":"https:\/\/www.gesund-heilfasten.de\/blog\/wp-json\/wp\/v2\/types\/page"}],"author":[{"embeddable":true,"href":"https:\/\/www.gesund-heilfasten.de\/blog\/wp-json\/wp\/v2\/users\/1"}],"replies":[{"embeddable":true,"href":"https:\/\/www.gesund-heilfasten.de\/blog\/wp-json\/wp\/v2\/comments?post=5"}],"version-history":[{"count":3,"href":"https:\/\/www.gesund-heilfasten.de\/blog\/wp-json\/wp\/v2\/pages\/5\/revisions"}],"predecessor-version":[{"id":3437,"href":"https:\/\/www.gesund-heilfasten.de\/blog\/wp-json\/wp\/v2\/pages\/5\/revisions\/3437"}],"wp:attachment":[{"href":"https:\/\/www.gesund-heilfasten.de\/blog\/wp-json\/wp\/v2\/media?parent=5"}],"curies":[{"name":"wp","href":"https:\/\/api.w.org\/{rel}","templated":true}]}}